{"id":2,"date":"2018-02-11T04:04:44","date_gmt":"2018-02-11T01:04:44","guid":{"rendered":"http:\/\/turankislakci.com\/tr\/?page_id=2"},"modified":"2018-05-08T01:54:20","modified_gmt":"2018-05-07T22:54:20","slug":"kimdir","status":"publish","type":"page","link":"https:\/\/turankislakci.com\/tr\/kimdir","title":{"rendered":"Hakk\u0131nda"},"content":{"rendered":"<p>K\u00fclbe-i ahz\u00e2n\u2019\u0131nda \u00e2h \u00fc fiz\u00e2r bir Simurg. Ehl-i hikmet muhibbi ve hakikat aray\u0131c\u0131s\u0131 bir yolcu. Uluslararas\u0131 ili\u015fkiler, ilahiyat, dinler tarihi ve felsefe alanlar\u0131yla i\u015ftigal eder, hudud\u00fc\u2019l alem i\u00e7inde seyr\u00fc sefer eder.<\/p>\n<p>1973 y\u0131l\u0131nda \u015eerafettin da\u011flar\u0131n\u0131n kanat gerdi\u011fi Bing\u00f6l\u2019de do\u011fdu. \u0130slamabad ve \u0130stanbul\u2019da y\u00fcksek tahsil yapt\u0131. \u0130slamabad\u2019da \u00fcniversite okudu\u011fu y\u0131llarda bir\u00e7ok \u00fclkeden talebe arkada\u015flar\u0131yla \u201cSpark\u201d ve \u201cel-Lem\u2019a\u201d adl\u0131 Arap\u00e7a ve \u0130ngilizce dergilerini yay\u0131mlad\u0131.<\/p>\n<p>Gazetecilik hayat\u0131na ortaokul y\u0131llar\u0131nda Milli Gazete\u2019nin \u00e7\u0131karm\u0131\u015f oldu\u011fu \u201cSultan\u201d gazetesinde ba\u015flad\u0131. Uzun y\u0131llar Yeni \u015eafak gazetesi d\u0131\u015f haberler servisinde edit\u00f6r olarak g\u00f6rev yapt\u0131. T\u00fcrkiye\u2019nin \u00e7ok dilli ilk haber siteleri olan D\u00fcnya B\u00fclteni ve Timeturk\u2019\u00fc kurdu.<\/p>\n<p>Anadolu Ajans\u0131 (AA)\u2019nda 5 y\u0131l Ortado\u011fu ve Afrika Yay\u0131n Y\u00f6netmenli\u011fi yapt\u0131. Anadolu Ajans\u0131\u2019n\u0131n MENA yap\u0131lanmas\u0131 ve uluslar-aras\u0131la\u015ft\u0131r\u0131lmas\u0131nda yer ald\u0131. Bir m\u00fcddet TRT Arap\u00e7a\u2019da genel koordinat\u00f6rl\u00fck g\u00f6revini de \u00fcstlendi.<\/p>\n<p>Orta do\u011fu ve Asya uzman\u0131 olan Turan K\u0131\u015flak\u00e7\u0131, h\u00e2li-haz\u0131rda T\u00fcrk-Arap Gazeteciler Cemiyeti ba\u015fkanl\u0131\u011f\u0131n\u0131 y\u00fcr\u00fct\u00fcyor. \u0130mpact Medya Grubu CEO g\u00f6revini de ifa eden K\u0131\u015flak\u00e7\u0131, Metafora Medya grubuna da dan\u0131\u015fmanl\u0131k yap\u0131yor.<\/p>\n<p>Yerli-yabanc\u0131 dergi ve gazetelerde makaleleri yay\u0131mlanan K\u0131\u015flak\u00e7\u0131&#8217;n\u0131n Ortado\u011fu \u00fczerine iki kitab\u0131 bulunuyor.<\/p>\n<p>Orta do\u011fu, medya, uluslararas\u0131 ili\u015fkiler, dinler tarihi, felsefe, edebiyat ve fikri konular \u00fczerine okumay\u0131 ve yazmay\u0131 s\u00fcrd\u00fcr\u00fcyor.<\/p>\n","protected":false},"excerpt":{"rendered":"K\u00fclbe-i ahz\u00e2n\u2019\u0131nda \u00e2h \u00fc fiz\u00e2r bir Simurg. Ehl-i hikmet muhibbi ve hakikat aray\u0131c\u0131s\u0131 bir yolcu. Uluslararas\u0131 ili\u015fkiler, ilahiyat, dinler tarihi [&hellip;]","protected":false},"author":1,"featured_media":0,"parent":0,"menu_order":0,"comment_status":"closed","ping_status":"open","template":"","meta":{"footnotes":""},"class_list":["post-2","page","type-page","status-publish","hentry"],"_links":{"self":[{"href":"https:\/\/turankislakci.com\/tr\/wp-json\/wp\/v2\/pages\/2","targetHints":{"allow":["GET"]}}],"collection":[{"href":"https:\/\/turankislakci.com\/tr\/wp-json\/wp\/v2\/pages"}],"about":[{"href":"https:\/\/turankislakci.com\/tr\/wp-json\/wp\/v2\/types\/page"}],"author":[{"embeddable":true,"href":"https:\/\/turankislakci.com\/tr\/wp-json\/wp\/v2\/users\/1"}],"replies":[{"embeddable":true,"href":"https:\/\/turankislakci.com\/tr\/wp-json\/wp\/v2\/comments?post=2"}],"version-history":[{"count":12,"href":"https:\/\/turankislakci.com\/tr\/wp-json\/wp\/v2\/pages\/2\/revisions"}],"predecessor-version":[{"id":389,"href":"https:\/\/turankislakci.com\/tr\/wp-json\/wp\/v2\/pages\/2\/revisions\/389"}],"wp:attachment":[{"href":"https:\/\/turankislakci.com\/tr\/wp-json\/wp\/v2\/media?parent=2"}],"curies":[{"name":"wp","href":"https:\/\/api.w.org\/{rel}","templated":true}]}}